{"id":5854,"date":"2024-01-26T16:22:12","date_gmt":"2024-01-26T14:22:12","guid":{"rendered":"https:\/\/fotoakademija.lv\/?page_id=5854"},"modified":"2025-05-18T11:03:23","modified_gmt":"2025-05-18T08:03:23","slug":"modelu-vakances-dabiga-vide-pilna-apgerba","status":"publish","type":"page","link":"https:\/\/fotoakademija.lv\/lt\/modelio-laisvu-darbo-vietu-gamtine-aplinka-pilnas-aptarnavimas\/","title":{"rendered":"Modeliuoti laisvas darbo vietas nat\u016bralioje aplinkoje"},"content":{"rendered":"<p class=\"has-medium-font-size\">Modelio darbas Rygoje, filmavimas studijoje ir nat\u016bralioje aplinkoje<\/p>\n\n\n\n<p><strong>Fotoakademija si\u016blo darb\u0105 foto ir video modeliams, turite galimyb\u0119 mokytis filmuojant!<\/strong><\/p>\n\n\n\n<figure class=\"wp-block-image size-full\"><img loading=\"lazy\" decoding=\"async\" width=\"1920\" height=\"1080\" src=\"https:\/\/fotoakademija.lv\/wp-content\/uploads\/2024\/01\/Kadru-plans-foto-un-video-modeliem-6.png\" alt=\"\" class=\"wp-image-5877\" srcset=\"https:\/\/fotoakademija.lv\/wp-content\/uploads\/2024\/01\/Kadru-plans-foto-un-video-modeliem-6.png 1920w, https:\/\/fotoakademija.lv\/wp-content\/uploads\/2024\/01\/Kadru-plans-foto-un-video-modeliem-6-300x169.png 300w, https:\/\/fotoakademija.lv\/wp-content\/uploads\/2024\/01\/Kadru-plans-foto-un-video-modeliem-6-1024x576.png 1024w, https:\/\/fotoakademija.lv\/wp-content\/uploads\/2024\/01\/Kadru-plans-foto-un-video-modeliem-6-768x432.png 768w, https:\/\/fotoakademija.lv\/wp-content\/uploads\/2024\/01\/Kadru-plans-foto-un-video-modeliem-6-1536x864.png 1536w, https:\/\/fotoakademija.lv\/wp-content\/uploads\/2024\/01\/Kadru-plans-foto-un-video-modeliem-6-18x10.png 18w, https:\/\/fotoakademija.lv\/wp-content\/uploads\/2024\/01\/Kadru-plans-foto-un-video-modeliem-6-1000x563.png 1000w, https:\/\/fotoakademija.lv\/wp-content\/uploads\/2024\/01\/Kadru-plans-foto-un-video-modeliem-6-230x129.png 230w, https:\/\/fotoakademija.lv\/wp-content\/uploads\/2024\/01\/Kadru-plans-foto-un-video-modeliem-6-350x197.png 350w, https:\/\/fotoakademija.lv\/wp-content\/uploads\/2024\/01\/Kadru-plans-foto-un-video-modeliem-6-480x270.png 480w\" sizes=\"auto, (max-width: 1920px) 100vw, 1920px\" \/><figcaption class=\"wp-element-caption\"><strong>Turite galimyb\u0119 mokytis filmuodami!<\/strong><\/figcaption><\/figure>\n\n\n\n<p class=\"has-medium-font-size\">Kontaktai: Valteris (Fotoakademija.lv). Modelio darbas yra mokamas. <\/p>\n\n\n\n<p class=\"has-medium-font-size\"><strong>Nor\u0117dami pateikti parai\u0161k\u0105, si\u0173skite savo nuotrauk\u0105 viso \u016bgio adresu <strong>foto akademija<\/strong>(at)gmail.com<\/strong><\/p>\n\n\n\n<p><a href=\"https:\/\/fotoakademija.lv\/lt\/nuotrauku-ir-vaizdo-modeliu-remeliu-planas\/\" data-type=\"post\" data-id=\"5871\"><strong>Foto ir video modeli\u0173 r\u0117meli\u0173 planas<\/strong><\/a><\/p>\n\n\n\n<p>Modelio darbas yra \u012fdomi ir k\u016brybinga profesija, suteikianti galimyb\u0119 dirbti su \u012fvairiais \u017emon\u0117mis ir \u012fmon\u0117mis, taip pat k\u016brybi\u0161kai i\u0161reik\u0161ti save. Nuotrauk\u0173 ir vaizdo \u012fra\u0161\u0173 modeliai yra atsakingi u\u017e tam tikro vaizdo ar gaminio vaizdavim\u0105 pagal savo i\u0161vaizd\u0105 ir asmenyb\u0119.<\/p>\n\n\n\n<p class=\"has-very-light-gray-to-cyan-bluish-gray-gradient-background has-background\"><strong>Foto akademija<\/strong> si\u016blo darb\u0105 foto ir video modeliams. M\u016bs\u0173 projektai da\u017eniausiai yra vienadieniai, bet gali b\u016bti ir pilnai apmokami keli\u0173 dien\u0173 darbai. Fotografuojama ar filmuojama studijoje arba nat\u016bralioje aplinkoje, sezoniniais drabu\u017eiais.<\/p>\n\n\n\n<figure class=\"wp-block-image size-full\"><img loading=\"lazy\" decoding=\"async\" width=\"1920\" height=\"1080\" src=\"https:\/\/fotoakademija.lv\/wp-content\/uploads\/2024\/01\/Kadru-plans-foto-un-video-modeliem-9.png\" alt=\"\" class=\"wp-image-5883\" srcset=\"https:\/\/fotoakademija.lv\/wp-content\/uploads\/2024\/01\/Kadru-plans-foto-un-video-modeliem-9.png 1920w, https:\/\/fotoakademija.lv\/wp-content\/uploads\/2024\/01\/Kadru-plans-foto-un-video-modeliem-9-300x169.png 300w, https:\/\/fotoakademija.lv\/wp-content\/uploads\/2024\/01\/Kadru-plans-foto-un-video-modeliem-9-1024x576.png 1024w, https:\/\/fotoakademija.lv\/wp-content\/uploads\/2024\/01\/Kadru-plans-foto-un-video-modeliem-9-768x432.png 768w, https:\/\/fotoakademija.lv\/wp-content\/uploads\/2024\/01\/Kadru-plans-foto-un-video-modeliem-9-1536x864.png 1536w, https:\/\/fotoakademija.lv\/wp-content\/uploads\/2024\/01\/Kadru-plans-foto-un-video-modeliem-9-18x10.png 18w, https:\/\/fotoakademija.lv\/wp-content\/uploads\/2024\/01\/Kadru-plans-foto-un-video-modeliem-9-1000x563.png 1000w, https:\/\/fotoakademija.lv\/wp-content\/uploads\/2024\/01\/Kadru-plans-foto-un-video-modeliem-9-230x129.png 230w, https:\/\/fotoakademija.lv\/wp-content\/uploads\/2024\/01\/Kadru-plans-foto-un-video-modeliem-9-350x197.png 350w, https:\/\/fotoakademija.lv\/wp-content\/uploads\/2024\/01\/Kadru-plans-foto-un-video-modeliem-9-480x270.png 480w\" sizes=\"auto, (max-width: 1920px) 100vw, 1920px\" \/><figcaption class=\"wp-element-caption\"><strong>Foto akademija<\/strong> si\u016blo darb\u0105 foto ir video modeliams, \u012fgyvendink savo svajon\u0119<\/figcaption><\/figure>\n\n\n\n<p class=\"has-medium-font-size\">Modeliavimui reikalingi \u012fg\u016bd\u017eiai<\/p>\n\n\n\n<p>Norint tapti s\u0117kmingu nuotrauk\u0173 ir vaizdo \u012fra\u0161\u0173 modeliu, svarbu i\u0161siugdyti \u0161iuos \u012fg\u016bd\u017eius:<\/p>\n\n\n\n<ul class=\"wp-block-list\">\n<li><strong>I\u0161vaizda:<\/strong> modelio i\u0161vaizda yra jo darbo pagrindas. Jis turi tur\u0117ti harmoningas veido ir k\u016bno proporcijas.<\/li>\n\n\n\n<li><strong>Asmenyb\u0117:<\/strong> jam svarbi modelio asmenyb\u0117, kad jis gal\u0117t\u0173 atlaikyti ilgas fotosesijas ar filmavimo sesijas. Jis tur\u0117t\u0173 b\u016bti draugi\u0161kas, atviras ir bendradarbiaujantis.<\/li>\n\n\n\n<li><strong>Profesionalus po\u017ei\u016bris:<\/strong> modeliavimo darbas turi tur\u0117ti profesional\u0173 po\u017ei\u016br\u012f. Jis turi b\u016bti punktualus, kruop\u0161tus ir vykdyti kliento nurodymus.<\/li>\n<\/ul>\n\n\n\n<figure class=\"wp-block-image size-full\"><img loading=\"lazy\" decoding=\"async\" width=\"1920\" height=\"1080\" src=\"https:\/\/fotoakademija.lv\/wp-content\/uploads\/2024\/01\/Kadru-plans-foto-un-video-modeliem-2-1.png\" alt=\"\" class=\"wp-image-5879\" srcset=\"https:\/\/fotoakademija.lv\/wp-content\/uploads\/2024\/01\/Kadru-plans-foto-un-video-modeliem-2-1.png 1920w, https:\/\/fotoakademija.lv\/wp-content\/uploads\/2024\/01\/Kadru-plans-foto-un-video-modeliem-2-1-300x169.png 300w, https:\/\/fotoakademija.lv\/wp-content\/uploads\/2024\/01\/Kadru-plans-foto-un-video-modeliem-2-1-1024x576.png 1024w, https:\/\/fotoakademija.lv\/wp-content\/uploads\/2024\/01\/Kadru-plans-foto-un-video-modeliem-2-1-768x432.png 768w, https:\/\/fotoakademija.lv\/wp-content\/uploads\/2024\/01\/Kadru-plans-foto-un-video-modeliem-2-1-1536x864.png 1536w, https:\/\/fotoakademija.lv\/wp-content\/uploads\/2024\/01\/Kadru-plans-foto-un-video-modeliem-2-1-18x10.png 18w, https:\/\/fotoakademija.lv\/wp-content\/uploads\/2024\/01\/Kadru-plans-foto-un-video-modeliem-2-1-1000x563.png 1000w, https:\/\/fotoakademija.lv\/wp-content\/uploads\/2024\/01\/Kadru-plans-foto-un-video-modeliem-2-1-230x129.png 230w, https:\/\/fotoakademija.lv\/wp-content\/uploads\/2024\/01\/Kadru-plans-foto-un-video-modeliem-2-1-350x197.png 350w, https:\/\/fotoakademija.lv\/wp-content\/uploads\/2024\/01\/Kadru-plans-foto-un-video-modeliem-2-1-480x270.png 480w\" sizes=\"auto, (max-width: 1920px) 100vw, 1920px\" \/><figcaption class=\"wp-element-caption\"><strong>Foto akademija<\/strong> si\u016blo darb\u0105 foto ir video modeliams Rygoje<\/figcaption><\/figure>\n\n\n\n<p class=\"has-medium-font-size\">Modelio darbo privalumai<\/p>\n\n\n\n<p><strong>Foto akademija<\/strong> si\u016blo darb\u0105 foto ir video modeliams, \u012fskaitant:<\/p>\n\n\n\n<ul class=\"wp-block-list\">\n<li><strong>Galimyb\u0117 i\u0161reik\u0161ti save kuriant:<\/strong> modeliai gali panaudoti savo i\u0161vaizd\u0105 ir asmenyb\u0119 kurdami unikalius ir \u012fdomius vaizdus.<\/li>\n\n\n\n<li><strong>Galimyb\u0119 dirbti su \u012fvairiais \u017emon\u0117mis ir \u012fmon\u0117mis:<\/strong> modeliai turi galimyb\u0119 dirbti su \u012fvairiomis k\u016brybingomis asmenyb\u0117mis ir kompanijomis.<\/li>\n\n\n\n<li><strong>Galimyb\u0117 keliauti:<\/strong> modeliavimas gali suteikti jums galimyb\u0119 keliauti ir patirti naujas vietas.<\/li>\n<\/ul>\n\n\n\n<p class=\"has-medium-font-size\">Kaip tapti foto ir vaizdo modeliu<\/p>\n\n\n\n<p>Norint tapti nuotrauk\u0173 ir vaizdo \u012fra\u0161\u0173 modeliu, svarbu prad\u0117ti nuo savo portfelio k\u016brimo. Portfelyje tur\u0117t\u0173 b\u016bti \u012fvairi\u0173 nuotrauk\u0173, parodan\u010di\u0173 j\u016bs\u0173 i\u0161vaizd\u0105 ir asmenyb\u0119. Galite papra\u0161yti draug\u0173, \u0161eimos nari\u0173 ar profesionali\u0173 fotograf\u0173 pad\u0117ti jums sukurti savo portfolio.<\/p>\n\n\n\n<p class=\"has-luminous-dusk-gradient-background has-background\">Suk\u016br\u0119 savo portfel\u012f, galite prad\u0117ti ie\u0161koti darbo modeli\u0173 agent\u016brose arba internete. Svarbu teikti parai\u0161kas \u012fvairiems projektams, kad padidintum\u0117te savo galimybes susirasti darb\u0105.<\/p>\n\n\n\n<p><strong>Foto akademija<\/strong> si\u016blo profesionalius foto ir video modeli\u0173 mokymus. M\u016bs\u0173 mokymo programa i\u0161mokys jus vis\u0173 \u012fg\u016bd\u017ei\u0173, kuri\u0173 jums reikia norint tapti s\u0117kmingu modeliu.<\/p>\n\n\n\n<p class=\"has-medium-font-size\">Kaip mokymo programos dal\u012f j\u016bs:<\/p>\n\n\n\n<ul class=\"wp-block-list\">\n<li>Su\u017einokite, kaip sukurti savo portfel\u012f<\/li>\n\n\n\n<li>I\u0161mokite dirbti su fotografais ir re\u017eisieriais<\/li>\n\n\n\n<li>Su\u017einokite, kaip reaguoti \u012f klient\u0173 poreikius<\/li>\n\n\n\n<li>Su\u017einokite, kaip valdyti savo karjer\u0105<\/li>\n<\/ul>\n\n\n\n<p class=\"has-medium-font-size\">Jei norite tapti profesionaliu nuotrauk\u0173 ir vaizdo \u012fra\u0161\u0173 modeliu, \u201ePhoto Academy\u201c yra geriausias b\u016bdas prad\u0117ti savo karjer\u0105.<\/p>\n\n\n\n<p>Modelio darbas yra atlyginimas, atlygio dydis priklauso nuo projekto.<\/p>\n\n\n\n<p><strong>Kontaktai: Valteris, <strong><strong>foto akademija<\/strong>(at)gmail.com<\/strong><\/strong><\/p>\n\n\n\n<p><\/p>","protected":false},"excerpt":{"rendered":"<p>Mode\u013ca darbs R\u012bg\u0101, film\u0113\u0161ana studij\u0101 un dab\u012bg\u0101 vid\u0113 Fotoakad\u0113mija pied\u0101v\u0101 darbu foto un video mode\u013ciem, Jums ir iesp\u0113ja m\u0101c\u012bties film\u0113\u0161anas laik\u0101! Kontakti: [&hellip;]<\/p>","protected":false},"author":1,"featured_media":5858,"parent":0,"menu_order":0,"comment_status":"closed","ping_status":"closed","template":"","meta":{"footnotes":""},"class_list":["post-5854","page","type-page","status-publish","has-post-thumbnail","hentry"],"_links":{"self":[{"href":"https:\/\/fotoakademija.lv\/lt\/wp-json\/wp\/v2\/pages\/5854","targetHints":{"allow":["GET"]}}],"collection":[{"href":"https:\/\/fotoakademija.lv\/lt\/wp-json\/wp\/v2\/pages"}],"about":[{"href":"https:\/\/fotoakademija.lv\/lt\/wp-json\/wp\/v2\/types\/page"}],"author":[{"embeddable":true,"href":"https:\/\/fotoakademija.lv\/lt\/wp-json\/wp\/v2\/users\/1"}],"replies":[{"embeddable":true,"href":"https:\/\/fotoakademija.lv\/lt\/wp-json\/wp\/v2\/comments?post=5854"}],"version-history":[{"count":2,"href":"https:\/\/fotoakademija.lv\/lt\/wp-json\/wp\/v2\/pages\/5854\/revisions"}],"predecessor-version":[{"id":6188,"href":"https:\/\/fotoakademija.lv\/lt\/wp-json\/wp\/v2\/pages\/5854\/revisions\/6188"}],"wp:featuredmedia":[{"embeddable":true,"href":"https:\/\/fotoakademija.lv\/lt\/wp-json\/wp\/v2\/media\/5858"}],"wp:attachment":[{"href":"https:\/\/fotoakademija.lv\/lt\/wp-json\/wp\/v2\/media?parent=5854"}],"curies":[{"name":"wp","href":"https:\/\/api.w.org\/{rel}","templated":true}]}}